{"id":12002,"date":"2021-08-10T09:41:24","date_gmt":"2021-08-10T07:41:24","guid":{"rendered":"https:\/\/www.pakery.pl\/produkt\/konektor-pre-vstrekovacie-tyce\/"},"modified":"2021-08-10T09:41:26","modified_gmt":"2021-08-10T07:41:26","slug":"jg-konektor-14","status":"publish","type":"product","link":"https:\/\/www.pakery.pl\/sk\/produkt\/jg-konektor-14\/","title":{"rendered":"Konektor pre vstrekovacie ty\u010de"},"content":{"rendered":"\t\t<div data-elementor-type=\"product-post\" data-elementor-id=\"12002\" class=\"elementor elementor-12002 elementor-1948\" data-elementor-post-type=\"product\">\n\t\t\t\t\t\t<section class=\"elementor-section elementor-top-section elementor-element elementor-element-33958ac elementor-section-full_width elementor-section-height-default elementor-section-height-default\" data-id=\"33958ac\" data-element_type=\"section\" data-e-type=\"section\">\n\t\t\t\t\t\t<div class=\"elementor-container elementor-column-gap-default\">\n\t\t\t\t\t<div class=\"elementor-column elementor-col-100 elementor-top-column elementor-element elementor-element-0522b5f\" data-id=\"0522b5f\" data-element_type=\"column\" data-e-type=\"column\">\n\t\t\t<div class=\"elementor-widget-wrap elementor-element-populated\">\n\t\t\t\t\t\t<div class=\"elementor-element elementor-element-7f79f68 elementor-widget elementor-widget-image\" data-id=\"7f79f68\" data-element_type=\"widget\" data-e-type=\"widget\" data-widget_type=\"image.default\">\n\t\t\t\t<div class=\"elementor-widget-container\">\n\t\t\t\t\t\t\t\t\t\t\t\t\t\t\t<img fetchpriority=\"high\" decoding=\"async\" width=\"1763\" height=\"565\" src=\"https:\/\/www.pakery.pl\/wp-content\/uploads\/2021\/05\/schemat-lance-jg-connector-14.png\" class=\"attachment-full size-full wp-image-12006\" alt=\"\" srcset=\"https:\/\/www.pakery.pl\/wp-content\/uploads\/2021\/05\/schemat-lance-jg-connector-14.png 1763w, https:\/\/www.pakery.pl\/wp-content\/uploads\/2021\/05\/schemat-lance-jg-connector-14-300x96.png 300w, https:\/\/www.pakery.pl\/wp-content\/uploads\/2021\/05\/schemat-lance-jg-connector-14-1024x328.png 1024w, https:\/\/www.pakery.pl\/wp-content\/uploads\/2021\/05\/schemat-lance-jg-connector-14-768x246.png 768w, https:\/\/www.pakery.pl\/wp-content\/uploads\/2021\/05\/schemat-lance-jg-connector-14-1536x492.png 1536w, https:\/\/www.pakery.pl\/wp-content\/uploads\/2021\/05\/schemat-lance-jg-connector-14-683x219.png 683w, https:\/\/www.pakery.pl\/wp-content\/uploads\/2021\/05\/schemat-lance-jg-connector-14-602x193.png 602w\" sizes=\"(max-width: 1763px) 100vw, 1763px\" \/>\t\t\t\t\t\t\t\t\t\t\t\t\t\t\t<\/div>\n\t\t\t\t<\/div>\n\t\t\t\t<div class=\"elementor-element elementor-element-6ba7736 elementor-widget elementor-widget-text-editor\" data-id=\"6ba7736\" data-element_type=\"widget\" data-e-type=\"widget\" data-widget_type=\"text-editor.default\">\n\t\t\t\t<div class=\"elementor-widget-container\">\n\t\t\t\t\t\t\t\t\t<h3><span style=\"color: #000000;\"><strong>JG-CONNECTOR 14<\/strong><\/span><\/h3>\n<p><span style=\"color: #000000;\"><strong>TECHNICK\u00c9 \u0160PECIFIK\u00c1CIE:<\/strong><\/span><\/p>\n<ul>\n<li><span style=\"color: #000000;\"><em>Materi\u00e1l:<b> oce\u013e<\/b><\/em><\/span><\/li>\n<li><span style=\"color: #000000;\"><em>Streda hovor .:<b> \u00d816 mm<\/b><\/em><\/span><\/li>\n<li><span style=\"color: #000000;\"><em>Streda ext.:<b> \u00d8 13 mm<\/b><\/em><\/span><\/li>\n<li><span style=\"color: #000000;\"><em><b>1\/4 x2<\/b><\/em><\/span><\/li>\n<li><strong><span style=\"color: #000000;\"><em>na k\u013e\u00fa\u010d 15<\/em><\/span><\/strong><\/li>\n<\/ul>\n<p><span style=\"color: #000000;\">Konektor pre vstrekovacie lancety, so \u0161peci\u00e1lne profilovan\u00fdm tvarom, u\u013eah\u010duj\u00faci jazdu lancetami. Ve\u013emi v\u00fdhodn\u00e9 v\u010faka mo\u017enosti pou\u017eitia otvoren\u00e9ho k\u013e\u00fa\u010da 15.<\/span><\/p>\n\t\t\t\t\t\t\t\t<\/div>\n\t\t\t\t<\/div>\n\t\t\t\t\t<\/div>\n\t\t<\/div>\n\t\t\t\t\t<\/div>\n\t\t<\/section>\n\t\t\t\t<\/div>\n\t\t","protected":false},"excerpt":{"rendered":"<p>JG-CONNECTOR 14 TECHNICK\u00c9 \u0160PECIFIK\u00c1CIE: Materi\u00e1l: oce\u013e Streda hovor .: \u00d816 mm Streda ext.: \u00d8 13 mm 1\/4 x2 na k\u013e\u00fa\u010d 15 Konektor pre vstrekovacie lancety, so \u0161peci\u00e1lne profilovan\u00fdm tvarom, u\u013eah\u010duj\u00faci jazdu lancetami. Ve\u013emi v\u00fdhodn\u00e9 v\u010faka mo\u017enosti pou\u017eitia otvoren\u00e9ho k\u013e\u00fa\u010da 15.<\/p>\n","protected":false},"featured_media":12004,"template":"","meta":{"_acf_changed":false},"product_brand":[],"product_cat":[544],"product_tag":[],"class_list":{"0":"post-12002","1":"product","2":"type-product","3":"status-publish","4":"has-post-thumbnail","6":"product_cat-vstrekovacie-kopije","8":"first","9":"instock","10":"taxable","11":"shipping-taxable","12":"purchasable","13":"product-type-simple"},"acf":[],"yoast_head":"<!-- This site is optimized with the Yoast SEO plugin v27.3 - https:\/\/yoast.com\/product\/yoast-seo-wordpress\/ -->\n<title>Konektor pre vstrekovacie ty\u010de - PAKERY.PL<\/title>\n<meta name=\"robots\" content=\"index, follow, max-snippet:-1, max-image-preview:large, max-video-preview:-1\" \/>\n<link rel=\"canonical\" href=\"https:\/\/www.pakery.pl\/sk\/produkt\/jg-konektor-14\/\" \/>\n<meta property=\"og:locale\" content=\"sk_SK\" \/>\n<meta property=\"og:type\" content=\"article\" \/>\n<meta property=\"og:title\" content=\"Konektor pre vstrekovacie ty\u010de - PAKERY.PL\" \/>\n<meta property=\"og:description\" content=\"JG-CONNECTOR 14 TECHNICK\u00c9 \u0160PECIFIK\u00c1CIE: Materi\u00e1l: oce\u013e Streda hovor .: \u00d816 mm Streda ext.: \u00d8 13 mm 1\/4 x2 na k\u013e\u00fa\u010d 15 Konektor pre vstrekovacie lancety, so \u0161peci\u00e1lne profilovan\u00fdm tvarom, u\u013eah\u010duj\u00faci jazdu lancetami. Ve\u013emi v\u00fdhodn\u00e9 v\u010faka mo\u017enosti pou\u017eitia otvoren\u00e9ho k\u013e\u00fa\u010da 15.\" \/>\n<meta property=\"og:url\" content=\"https:\/\/www.pakery.pl\/sk\/produkt\/jg-konektor-14\/\" \/>\n<meta property=\"og:site_name\" content=\"PAKERY.PL\" \/>\n<meta property=\"article:modified_time\" content=\"2021-08-10T07:41:26+00:00\" \/>\n<meta property=\"og:image\" content=\"https:\/\/www.pakery.pl\/wp-content\/uploads\/2021\/04\/JG-CONNECTOR-14.png\" \/>\n\t<meta property=\"og:image:width\" content=\"2500\" \/>\n\t<meta property=\"og:image:height\" content=\"2500\" \/>\n\t<meta property=\"og:image:type\" content=\"image\/png\" \/>\n<meta name=\"twitter:card\" content=\"summary_large_image\" \/>\n<script type=\"application\/ld+json\" class=\"yoast-schema-graph\">{\"@context\":\"https:\\\/\\\/schema.org\",\"@graph\":[{\"@type\":\"WebPage\",\"@id\":\"https:\\\/\\\/www.pakery.pl\\\/sk\\\/produkt\\\/jg-konektor-14\\\/\",\"url\":\"https:\\\/\\\/www.pakery.pl\\\/sk\\\/produkt\\\/jg-konektor-14\\\/\",\"name\":\"Konektor pre vstrekovacie ty\u010de - PAKERY.PL\",\"isPartOf\":{\"@id\":\"https:\\\/\\\/www.pakery.pl\\\/sk\\\/#website\"},\"primaryImageOfPage\":{\"@id\":\"https:\\\/\\\/www.pakery.pl\\\/sk\\\/produkt\\\/jg-konektor-14\\\/#primaryimage\"},\"image\":{\"@id\":\"https:\\\/\\\/www.pakery.pl\\\/sk\\\/produkt\\\/jg-konektor-14\\\/#primaryimage\"},\"thumbnailUrl\":\"https:\\\/\\\/www.pakery.pl\\\/wp-content\\\/uploads\\\/2021\\\/04\\\/JG-CONNECTOR-14.png\",\"datePublished\":\"2021-08-10T07:41:24+00:00\",\"dateModified\":\"2021-08-10T07:41:26+00:00\",\"breadcrumb\":{\"@id\":\"https:\\\/\\\/www.pakery.pl\\\/sk\\\/produkt\\\/jg-konektor-14\\\/#breadcrumb\"},\"inLanguage\":\"sk-SK\",\"potentialAction\":[{\"@type\":\"ReadAction\",\"target\":[\"https:\\\/\\\/www.pakery.pl\\\/sk\\\/produkt\\\/jg-konektor-14\\\/\"]}]},{\"@type\":\"ImageObject\",\"inLanguage\":\"sk-SK\",\"@id\":\"https:\\\/\\\/www.pakery.pl\\\/sk\\\/produkt\\\/jg-konektor-14\\\/#primaryimage\",\"url\":\"https:\\\/\\\/www.pakery.pl\\\/wp-content\\\/uploads\\\/2021\\\/04\\\/JG-CONNECTOR-14.png\",\"contentUrl\":\"https:\\\/\\\/www.pakery.pl\\\/wp-content\\\/uploads\\\/2021\\\/04\\\/JG-CONNECTOR-14.png\",\"width\":2500,\"height\":2500},{\"@type\":\"BreadcrumbList\",\"@id\":\"https:\\\/\\\/www.pakery.pl\\\/sk\\\/produkt\\\/jg-konektor-14\\\/#breadcrumb\",\"itemListElement\":[{\"@type\":\"ListItem\",\"position\":1,\"name\":\"Strona g\u0142\u00f3wna\",\"item\":\"https:\\\/\\\/www.pakery.pl\\\/sk\\\/\"},{\"@type\":\"ListItem\",\"position\":2,\"name\":\"Ulo\u017ei\u0165\",\"item\":\"https:\\\/\\\/www.pakery.pl\\\/sk\\\/ulozit\\\/\"},{\"@type\":\"ListItem\",\"position\":3,\"name\":\"Konektor pre vstrekovacie ty\u010de\"}]},{\"@type\":\"WebSite\",\"@id\":\"https:\\\/\\\/www.pakery.pl\\\/sk\\\/#website\",\"url\":\"https:\\\/\\\/www.pakery.pl\\\/sk\\\/\",\"name\":\"Pakery.pl\",\"description\":\"Pakery iniekcyjne, Kotwy spiralne, Lance iniekcyjne, W\u0119\u017ce do iniekcji, Pompy iniekcyjne, Serwis pomp iniekcyjnych, Wynajem pomp do iniekcji\",\"publisher\":{\"@id\":\"https:\\\/\\\/www.pakery.pl\\\/sk\\\/#organization\"},\"potentialAction\":[{\"@type\":\"SearchAction\",\"target\":{\"@type\":\"EntryPoint\",\"urlTemplate\":\"https:\\\/\\\/www.pakery.pl\\\/sk\\\/?s={search_term_string}\"},\"query-input\":{\"@type\":\"PropertyValueSpecification\",\"valueRequired\":true,\"valueName\":\"search_term_string\"}}],\"inLanguage\":\"sk-SK\"},{\"@type\":\"Organization\",\"@id\":\"https:\\\/\\\/www.pakery.pl\\\/sk\\\/#organization\",\"name\":\"PAKERY.PL\",\"url\":\"https:\\\/\\\/www.pakery.pl\\\/sk\\\/\",\"logo\":{\"@type\":\"ImageObject\",\"inLanguage\":\"sk-SK\",\"@id\":\"https:\\\/\\\/www.pakery.pl\\\/sk\\\/#\\\/schema\\\/logo\\\/image\\\/\",\"url\":\"https:\\\/\\\/www.pakery.pl\\\/wp-content\\\/uploads\\\/2021\\\/04\\\/cropped-PAKERY-LOGO.png\",\"contentUrl\":\"https:\\\/\\\/www.pakery.pl\\\/wp-content\\\/uploads\\\/2021\\\/04\\\/cropped-PAKERY-LOGO.png\",\"width\":1529,\"height\":500,\"caption\":\"PAKERY.PL\"},\"image\":{\"@id\":\"https:\\\/\\\/www.pakery.pl\\\/sk\\\/#\\\/schema\\\/logo\\\/image\\\/\"}}]}<\/script>\n<!-- \/ Yoast SEO plugin. -->","yoast_head_json":{"title":"Konektor pre vstrekovacie ty\u010de - PAKERY.PL","robots":{"index":"index","follow":"follow","max-snippet":"max-snippet:-1","max-image-preview":"max-image-preview:large","max-video-preview":"max-video-preview:-1"},"canonical":"https:\/\/www.pakery.pl\/sk\/produkt\/jg-konektor-14\/","og_locale":"sk_SK","og_type":"article","og_title":"Konektor pre vstrekovacie ty\u010de - PAKERY.PL","og_description":"JG-CONNECTOR 14 TECHNICK\u00c9 \u0160PECIFIK\u00c1CIE: Materi\u00e1l: oce\u013e Streda hovor .: \u00d816 mm Streda ext.: \u00d8 13 mm 1\/4 x2 na k\u013e\u00fa\u010d 15 Konektor pre vstrekovacie lancety, so \u0161peci\u00e1lne profilovan\u00fdm tvarom, u\u013eah\u010duj\u00faci jazdu lancetami. Ve\u013emi v\u00fdhodn\u00e9 v\u010faka mo\u017enosti pou\u017eitia otvoren\u00e9ho k\u013e\u00fa\u010da 15.","og_url":"https:\/\/www.pakery.pl\/sk\/produkt\/jg-konektor-14\/","og_site_name":"PAKERY.PL","article_modified_time":"2021-08-10T07:41:26+00:00","og_image":[{"width":2500,"height":2500,"url":"https:\/\/www.pakery.pl\/wp-content\/uploads\/2021\/04\/JG-CONNECTOR-14.png","type":"image\/png"}],"twitter_card":"summary_large_image","schema":{"@context":"https:\/\/schema.org","@graph":[{"@type":"WebPage","@id":"https:\/\/www.pakery.pl\/sk\/produkt\/jg-konektor-14\/","url":"https:\/\/www.pakery.pl\/sk\/produkt\/jg-konektor-14\/","name":"Konektor pre vstrekovacie ty\u010de - PAKERY.PL","isPartOf":{"@id":"https:\/\/www.pakery.pl\/sk\/#website"},"primaryImageOfPage":{"@id":"https:\/\/www.pakery.pl\/sk\/produkt\/jg-konektor-14\/#primaryimage"},"image":{"@id":"https:\/\/www.pakery.pl\/sk\/produkt\/jg-konektor-14\/#primaryimage"},"thumbnailUrl":"https:\/\/www.pakery.pl\/wp-content\/uploads\/2021\/04\/JG-CONNECTOR-14.png","datePublished":"2021-08-10T07:41:24+00:00","dateModified":"2021-08-10T07:41:26+00:00","breadcrumb":{"@id":"https:\/\/www.pakery.pl\/sk\/produkt\/jg-konektor-14\/#breadcrumb"},"inLanguage":"sk-SK","potentialAction":[{"@type":"ReadAction","target":["https:\/\/www.pakery.pl\/sk\/produkt\/jg-konektor-14\/"]}]},{"@type":"ImageObject","inLanguage":"sk-SK","@id":"https:\/\/www.pakery.pl\/sk\/produkt\/jg-konektor-14\/#primaryimage","url":"https:\/\/www.pakery.pl\/wp-content\/uploads\/2021\/04\/JG-CONNECTOR-14.png","contentUrl":"https:\/\/www.pakery.pl\/wp-content\/uploads\/2021\/04\/JG-CONNECTOR-14.png","width":2500,"height":2500},{"@type":"BreadcrumbList","@id":"https:\/\/www.pakery.pl\/sk\/produkt\/jg-konektor-14\/#breadcrumb","itemListElement":[{"@type":"ListItem","position":1,"name":"Strona g\u0142\u00f3wna","item":"https:\/\/www.pakery.pl\/sk\/"},{"@type":"ListItem","position":2,"name":"Ulo\u017ei\u0165","item":"https:\/\/www.pakery.pl\/sk\/ulozit\/"},{"@type":"ListItem","position":3,"name":"Konektor pre vstrekovacie ty\u010de"}]},{"@type":"WebSite","@id":"https:\/\/www.pakery.pl\/sk\/#website","url":"https:\/\/www.pakery.pl\/sk\/","name":"Pakery.pl","description":"Pakery iniekcyjne, Kotwy spiralne, Lance iniekcyjne, W\u0119\u017ce do iniekcji, Pompy iniekcyjne, Serwis pomp iniekcyjnych, Wynajem pomp do iniekcji","publisher":{"@id":"https:\/\/www.pakery.pl\/sk\/#organization"},"potentialAction":[{"@type":"SearchAction","target":{"@type":"EntryPoint","urlTemplate":"https:\/\/www.pakery.pl\/sk\/?s={search_term_string}"},"query-input":{"@type":"PropertyValueSpecification","valueRequired":true,"valueName":"search_term_string"}}],"inLanguage":"sk-SK"},{"@type":"Organization","@id":"https:\/\/www.pakery.pl\/sk\/#organization","name":"PAKERY.PL","url":"https:\/\/www.pakery.pl\/sk\/","logo":{"@type":"ImageObject","inLanguage":"sk-SK","@id":"https:\/\/www.pakery.pl\/sk\/#\/schema\/logo\/image\/","url":"https:\/\/www.pakery.pl\/wp-content\/uploads\/2021\/04\/cropped-PAKERY-LOGO.png","contentUrl":"https:\/\/www.pakery.pl\/wp-content\/uploads\/2021\/04\/cropped-PAKERY-LOGO.png","width":1529,"height":500,"caption":"PAKERY.PL"},"image":{"@id":"https:\/\/www.pakery.pl\/sk\/#\/schema\/logo\/image\/"}}]}},"_links":{"self":[{"href":"https:\/\/www.pakery.pl\/sk\/wp-json\/wp\/v2\/product\/12002","targetHints":{"allow":["GET"]}}],"collection":[{"href":"https:\/\/www.pakery.pl\/sk\/wp-json\/wp\/v2\/product"}],"about":[{"href":"https:\/\/www.pakery.pl\/sk\/wp-json\/wp\/v2\/types\/product"}],"version-history":[{"count":2,"href":"https:\/\/www.pakery.pl\/sk\/wp-json\/wp\/v2\/product\/12002\/revisions"}],"predecessor-version":[{"id":12005,"href":"https:\/\/www.pakery.pl\/sk\/wp-json\/wp\/v2\/product\/12002\/revisions\/12005"}],"wp:featuredmedia":[{"embeddable":true,"href":"https:\/\/www.pakery.pl\/sk\/wp-json\/wp\/v2\/media\/12004"}],"wp:attachment":[{"href":"https:\/\/www.pakery.pl\/sk\/wp-json\/wp\/v2\/media?parent=12002"}],"wp:term":[{"taxonomy":"product_brand","embeddable":true,"href":"https:\/\/www.pakery.pl\/sk\/wp-json\/wp\/v2\/product_brand?post=12002"},{"taxonomy":"product_cat","embeddable":true,"href":"https:\/\/www.pakery.pl\/sk\/wp-json\/wp\/v2\/product_cat?post=12002"},{"taxonomy":"product_tag","embeddable":true,"href":"https:\/\/www.pakery.pl\/sk\/wp-json\/wp\/v2\/product_tag?post=12002"}],"curies":[{"name":"wp","href":"https:\/\/api.w.org\/{rel}","templated":true}]}}