{"id":41580,"date":"2022-06-30T13:29:28","date_gmt":"2022-06-30T11:29:28","guid":{"rendered":"https:\/\/www.pakery.pl\/?post_type=product&#038;p=41580"},"modified":"2022-07-01T12:45:13","modified_gmt":"2022-07-01T10:45:13","slug":"krociec-do-fugowania-pump-integral","status":"publish","type":"product","link":"https:\/\/www.pakery.pl\/pl\/produkt\/krociec-do-fugowania-pump-integral\/","title":{"rendered":"Kr\u00f3ciec do fugowania Pump Integrale &#8211; d\u0142ugo\u015b\u0107 35mm"},"content":{"rendered":"\t\t<div data-elementor-type=\"product-post\" data-elementor-id=\"41580\" class=\"elementor elementor-41580 elementor-41588\" data-elementor-post-type=\"product\">\n\t\t\t\t\t\t<section class=\"elementor-section elementor-top-section elementor-element elementor-element-94fb06b elementor-section-boxed elementor-section-height-default elementor-section-height-default\" data-id=\"94fb06b\" data-element_type=\"section\" data-e-type=\"section\">\n\t\t\t\t\t\t<div class=\"elementor-container elementor-column-gap-default\">\n\t\t\t\t\t<div class=\"elementor-column elementor-col-50 elementor-top-column elementor-element elementor-element-c45a28b\" data-id=\"c45a28b\" data-element_type=\"column\" data-e-type=\"column\">\n\t\t\t<div class=\"elementor-widget-wrap elementor-element-populated\">\n\t\t\t\t\t\t<div class=\"elementor-element elementor-element-735a99e elementor-widget elementor-widget-text-editor\" data-id=\"735a99e\" data-element_type=\"widget\" data-e-type=\"widget\" data-widget_type=\"text-editor.default\">\n\t\t\t\t<div class=\"elementor-widget-container\">\n\t\t\t\t\t\t\t\t\t<div style=\"caret-color: #000000; color: #000000; width: 560px;\" data-id=\"9dec388\" data-element_type=\"column\"><div style=\"width: 560px; padding: 10px;\"><div style=\"width: 540px;\"><div style=\"width: 540px;\" data-id=\"58b3eef\" data-element_type=\"widget\" data-widget_type=\"text-editor.default\"><div><div><p style=\"box-sizing: inherit; margin-bottom: 10px; color: #222222; font-family: 'Open Sans', sans-serif;\"><span style=\"box-sizing: inherit; font-weight: 600; color: #262626;\">KR\u00d3CIEC DO FUGOWANIA ZE Z\u0141\u0104CZEM GEKA UMO\u017bLIWIAJ\u0104CYM MONTA\u017b\u00a0DO POMPKI PUMP INTEGRALE 800\u00a0<\/span>(dost\u0119pnej na naszej innej aukcji)<\/p><p style=\"box-sizing: inherit; margin-bottom: 10px; color: #222222; font-family: 'Open Sans', sans-serif;\"><span style=\"box-sizing: inherit; font-weight: 600; color: #262626;\">ZASTOSOWANIE:<\/span>\u00a0<span style=\"box-sizing: inherit; font-weight: 600; color: #262626;\">\u00a0<\/span>Stosowane do nak\u0142adania fug maszynowych. Kszta\u0142ty i rodzaje dysz umo\u017cliwiaj\u0105 nak\u0142adanie materia\u0142u w r\u00f3\u017cnych szeroko\u015bciach i kszta\u0142tach.<br style=\"box-sizing: inherit;\" \/><br style=\"box-sizing: inherit;\" \/><\/p><h1 style=\"box-sizing: inherit; margin-right: 0px; margin-left: 0px; font-family: 'Open Sans', sans-serif; font-weight: bold; line-height: 1.3; color: #222222; font-size: 24px;\">Zestaw zawiera:<\/h1><ul style=\"box-sizing: inherit; list-style: circle; padding-left: 0px; color: #222222; font-family: 'Open Sans', sans-serif;\"><li style=\"box-sizing: inherit;\">adapter GEKA<\/li><\/ul><div><span style=\"color: #222222; font-family: 'Open Sans', sans-serif;\"><span style=\"caret-color: #222222;\">Do wyboru:<\/span><\/span><br \/><span style=\"color: #222222; font-family: 'Open Sans', sans-serif;\"><span style=\"caret-color: #222222;\"><br \/><\/span><\/span><\/div><ul style=\"box-sizing: inherit; list-style: circle; padding-left: 0px; color: #222222; font-family: 'Open Sans', sans-serif;\"><li style=\"box-sizing: inherit;\"><span style=\"box-sizing: inherit;\">ko\u0144c\u00f3wka o \u015brednicy wylotu 6\u00a0mm i d\u0142ugo\u015bci 35\u00a0mm (czerwona)<\/span><\/li><li style=\"box-sizing: inherit;\"><span style=\"box-sizing: inherit;\">ko\u0144c\u00f3wka o \u015brednicy wylotu 8\u00a0mm i d\u0142ugo\u015bci 35\u00a0mm (niebieska)<\/span><\/li><li style=\"box-sizing: inherit;\"><span style=\"box-sizing: inherit;\">ko\u0144c\u00f3wka o \u015brednicy wylotu 12 mm i d\u0142ugo\u015bci 35\u00a0mm (szara)<\/span><\/li><\/ul><\/div><\/div><\/div><\/div><\/div><\/div><div style=\"caret-color: #000000; color: #000000; font-style: normal; font-variant-caps: normal; font-weight: 400; letter-spacing: normal; orphans: auto; text-align: start; text-indent: 0px; text-transform: none; white-space: normal; widows: auto; word-spacing: 0px; -webkit-text-size-adjust: auto; -webkit-text-stroke-width: 0px; text-decoration: none; box-sizing: border-box; min-height: 1px; position: relative; display: flex; width: 560px; outline: none !important;\" data-id=\"66e11f0\" data-element_type=\"column\"><div style=\"box-sizing: border-box; position: relative; display: flex; width: 560px; padding: 10px; caret-color: #212529; color: #212529; font-family: Montserrat, sans-serif; font-size: 16px; font-style: normal; font-variant-caps: normal; font-weight: 400; letter-spacing: normal; text-align: left; text-indent: 0px; text-transform: none; white-space: normal; word-spacing: 0px; -webkit-text-stroke-width: 0px; text-decoration: none; outline: none !important;\"><div style=\"box-sizing: border-box; position: relative; width: 540px; flex-wrap: wrap; align-content: flex-start; display: flex; outline: none !important;\"><div style=\"box-sizing: border-box; position: relative; text-align: center; width: 540px; outline: none !important;\" data-id=\"43d021e\" data-element_type=\"widget\" data-widget_type=\"image.default\"><div style=\"box-sizing: border-box; transition: background 0.3s ease 0s, border 0.3s ease 0s, border-radius 0.3s ease 0s, box-shadow 0.3s ease 0s, -webkit-border-radius 0.3s ease 0s, -webkit-box-shadow 0.3s ease 0s; outline: none !important;\">\u00a0<\/div><\/div><\/div><\/div><\/div>\t\t\t\t\t\t\t\t<\/div>\n\t\t\t\t<\/div>\n\t\t\t\t\t<\/div>\n\t\t<\/div>\n\t\t\t\t<div class=\"elementor-column elementor-col-50 elementor-top-column elementor-element elementor-element-10f1fca\" data-id=\"10f1fca\" data-element_type=\"column\" data-e-type=\"column\">\n\t\t\t<div class=\"elementor-widget-wrap elementor-element-populated\">\n\t\t\t\t\t\t<div class=\"elementor-element elementor-element-d1349e8 elementor-widget elementor-widget-image\" data-id=\"d1349e8\" data-element_type=\"widget\" data-e-type=\"widget\" data-widget_type=\"image.default\">\n\t\t\t\t<div class=\"elementor-widget-container\">\n\t\t\t\t\t\t\t\t\t\t\t\t\t\t\t<img fetchpriority=\"high\" decoding=\"async\" width=\"1024\" height=\"1024\" src=\"https:\/\/www.pakery.pl\/wp-content\/uploads\/2021\/11\/fugownice-okragle-dlugie-pakery-1024x1024.png\" class=\"attachment-large size-large wp-image-38947\" alt=\"\" srcset=\"https:\/\/www.pakery.pl\/wp-content\/uploads\/2021\/11\/fugownice-okragle-dlugie-pakery-1024x1024.png 1024w, https:\/\/www.pakery.pl\/wp-content\/uploads\/2021\/11\/fugownice-okragle-dlugie-pakery-300x300.png 300w, https:\/\/www.pakery.pl\/wp-content\/uploads\/2021\/11\/fugownice-okragle-dlugie-pakery-150x150.png 150w, https:\/\/www.pakery.pl\/wp-content\/uploads\/2021\/11\/fugownice-okragle-dlugie-pakery-768x768.png 768w, https:\/\/www.pakery.pl\/wp-content\/uploads\/2021\/11\/fugownice-okragle-dlugie-pakery-1536x1536.png 1536w, https:\/\/www.pakery.pl\/wp-content\/uploads\/2021\/11\/fugownice-okragle-dlugie-pakery-2048x2048.png 2048w, https:\/\/www.pakery.pl\/wp-content\/uploads\/2021\/11\/fugownice-okragle-dlugie-pakery-683x683.png 683w, https:\/\/www.pakery.pl\/wp-content\/uploads\/2021\/11\/fugownice-okragle-dlugie-pakery-602x602.png 602w, https:\/\/www.pakery.pl\/wp-content\/uploads\/2021\/11\/fugownice-okragle-dlugie-pakery-110x110.png 110w\" sizes=\"(max-width: 1024px) 100vw, 1024px\" \/>\t\t\t\t\t\t\t\t\t\t\t\t\t\t\t<\/div>\n\t\t\t\t<\/div>\n\t\t\t\t\t<\/div>\n\t\t<\/div>\n\t\t\t\t\t<\/div>\n\t\t<\/section>\n\t\t\t\t<\/div>\n\t\t","protected":false},"excerpt":{"rendered":"<p>KR\u00d3CIEC DO FUGOWANIA ZE Z\u0141\u0104CZEM GEKA UMO\u017bLIWIAJ\u0104CYM MONTA\u017b\u00a0DO POMPKI PUMP INTEGRALE 800\u00a0(dost\u0119pnej na naszej innej aukcji) ZASTOSOWANIE:\u00a0\u00a0Stosowane do nak\u0142adania fug maszynowych. Kszta\u0142ty i rodzaje dysz umo\u017cliwiaj\u0105 nak\u0142adanie materia\u0142u w r\u00f3\u017cnych szeroko\u015bciach i kszta\u0142tach. Zestaw zawiera: adapter GEKA Do wyboru: ko\u0144c\u00f3wka o \u015brednicy wylotu 6\u00a0mm i d\u0142ugo\u015bci 35\u00a0mm (czerwona) ko\u0144c\u00f3wka o \u015brednicy wylotu 8\u00a0mm i d\u0142ugo\u015bci [&hellip;]<\/p>\n","protected":false},"featured_media":39126,"template":"","meta":{"_acf_changed":false},"product_brand":[],"product_cat":[33],"product_tag":[],"class_list":{"0":"post-41580","1":"product","2":"type-product","3":"status-publish","4":"has-post-thumbnail","6":"product_cat-akcesoria-iniekcyjne","8":"first","9":"instock","10":"taxable","11":"shipping-taxable","12":"purchasable","13":"product-type-variable"},"acf":[],"yoast_head":"<!-- This site is optimized with the Yoast SEO plugin v27.3 - https:\/\/yoast.com\/product\/yoast-seo-wordpress\/ -->\n<title>Kr\u00f3ciec do fugowania Pump Integrale - d\u0142ugo\u015b\u0107 35mm - PAKERY.PL<\/title>\n<meta name=\"description\" content=\"Kr\u00f3ciec do fugowania Pump Integrale | Fugownice | GEKA\" \/>\n<meta name=\"robots\" content=\"index, follow, max-snippet:-1, max-image-preview:large, max-video-preview:-1\" \/>\n<link rel=\"canonical\" href=\"https:\/\/www.pakery.pl\/pl\/produkt\/krociec-do-fugowania-pump-integral\/\" \/>\n<meta property=\"og:locale\" content=\"pl_PL\" \/>\n<meta property=\"og:type\" content=\"article\" \/>\n<meta property=\"og:title\" content=\"Kr\u00f3ciec do fugowania Pump Integrale - d\u0142ugo\u015b\u0107 35mm - PAKERY.PL\" \/>\n<meta property=\"og:description\" content=\"Kr\u00f3ciec do fugowania Pump Integrale | Fugownice | GEKA\" \/>\n<meta property=\"og:url\" content=\"https:\/\/www.pakery.pl\/pl\/produkt\/krociec-do-fugowania-pump-integral\/\" \/>\n<meta property=\"og:site_name\" content=\"PAKERY.PL\" \/>\n<meta property=\"article:modified_time\" content=\"2022-07-01T10:45:13+00:00\" \/>\n<meta property=\"og:image\" content=\"https:\/\/www.pakery.pl\/wp-content\/uploads\/2021\/11\/niebieski-dlugi.png\" \/>\n\t<meta property=\"og:image:width\" content=\"2500\" \/>\n\t<meta property=\"og:image:height\" content=\"2500\" \/>\n\t<meta property=\"og:image:type\" content=\"image\/png\" \/>\n<meta name=\"twitter:card\" content=\"summary_large_image\" \/>\n<script type=\"application\/ld+json\" class=\"yoast-schema-graph\">{\"@context\":\"https:\\\/\\\/schema.org\",\"@graph\":[{\"@type\":\"WebPage\",\"@id\":\"https:\\\/\\\/www.pakery.pl\\\/pl\\\/produkt\\\/krociec-do-fugowania-pump-integral\\\/\",\"url\":\"https:\\\/\\\/www.pakery.pl\\\/pl\\\/produkt\\\/krociec-do-fugowania-pump-integral\\\/\",\"name\":\"Kr\u00f3ciec do fugowania Pump Integrale - d\u0142ugo\u015b\u0107 35mm - PAKERY.PL\",\"isPartOf\":{\"@id\":\"https:\\\/\\\/www.pakery.pl\\\/pl\\\/#website\"},\"primaryImageOfPage\":{\"@id\":\"https:\\\/\\\/www.pakery.pl\\\/pl\\\/produkt\\\/krociec-do-fugowania-pump-integral\\\/#primaryimage\"},\"image\":{\"@id\":\"https:\\\/\\\/www.pakery.pl\\\/pl\\\/produkt\\\/krociec-do-fugowania-pump-integral\\\/#primaryimage\"},\"thumbnailUrl\":\"https:\\\/\\\/www.pakery.pl\\\/wp-content\\\/uploads\\\/2021\\\/11\\\/niebieski-dlugi.png\",\"datePublished\":\"2022-06-30T11:29:28+00:00\",\"dateModified\":\"2022-07-01T10:45:13+00:00\",\"description\":\"Kr\u00f3ciec do fugowania Pump Integrale | Fugownice | GEKA\",\"breadcrumb\":{\"@id\":\"https:\\\/\\\/www.pakery.pl\\\/pl\\\/produkt\\\/krociec-do-fugowania-pump-integral\\\/#breadcrumb\"},\"inLanguage\":\"pl-PL\",\"potentialAction\":[{\"@type\":\"ReadAction\",\"target\":[\"https:\\\/\\\/www.pakery.pl\\\/pl\\\/produkt\\\/krociec-do-fugowania-pump-integral\\\/\"]}]},{\"@type\":\"ImageObject\",\"inLanguage\":\"pl-PL\",\"@id\":\"https:\\\/\\\/www.pakery.pl\\\/pl\\\/produkt\\\/krociec-do-fugowania-pump-integral\\\/#primaryimage\",\"url\":\"https:\\\/\\\/www.pakery.pl\\\/wp-content\\\/uploads\\\/2021\\\/11\\\/niebieski-dlugi.png\",\"contentUrl\":\"https:\\\/\\\/www.pakery.pl\\\/wp-content\\\/uploads\\\/2021\\\/11\\\/niebieski-dlugi.png\",\"width\":2500,\"height\":2500},{\"@type\":\"BreadcrumbList\",\"@id\":\"https:\\\/\\\/www.pakery.pl\\\/pl\\\/produkt\\\/krociec-do-fugowania-pump-integral\\\/#breadcrumb\",\"itemListElement\":[{\"@type\":\"ListItem\",\"position\":1,\"name\":\"Strona g\u0142\u00f3wna\",\"item\":\"https:\\\/\\\/www.pakery.pl\\\/pl\\\/\"},{\"@type\":\"ListItem\",\"position\":2,\"name\":\"Sklep\",\"item\":\"https:\\\/\\\/www.pakery.pl\\\/pl\\\/sklep\\\/\"},{\"@type\":\"ListItem\",\"position\":3,\"name\":\"Kr\u00f3ciec do fugowania Pump Integrale &#8211; d\u0142ugo\u015b\u0107 35mm\"}]},{\"@type\":\"WebSite\",\"@id\":\"https:\\\/\\\/www.pakery.pl\\\/pl\\\/#website\",\"url\":\"https:\\\/\\\/www.pakery.pl\\\/pl\\\/\",\"name\":\"Pakery.pl\",\"description\":\"Pakery iniekcyjne, Kotwy spiralne, Lance iniekcyjne, W\u0119\u017ce do iniekcji, Pompy iniekcyjne, Serwis pomp iniekcyjnych, Wynajem pomp do iniekcji\",\"publisher\":{\"@id\":\"https:\\\/\\\/www.pakery.pl\\\/pl\\\/#organization\"},\"potentialAction\":[{\"@type\":\"SearchAction\",\"target\":{\"@type\":\"EntryPoint\",\"urlTemplate\":\"https:\\\/\\\/www.pakery.pl\\\/pl\\\/?s={search_term_string}\"},\"query-input\":{\"@type\":\"PropertyValueSpecification\",\"valueRequired\":true,\"valueName\":\"search_term_string\"}}],\"inLanguage\":\"pl-PL\"},{\"@type\":\"Organization\",\"@id\":\"https:\\\/\\\/www.pakery.pl\\\/pl\\\/#organization\",\"name\":\"PAKERY.PL\",\"url\":\"https:\\\/\\\/www.pakery.pl\\\/pl\\\/\",\"logo\":{\"@type\":\"ImageObject\",\"inLanguage\":\"pl-PL\",\"@id\":\"https:\\\/\\\/www.pakery.pl\\\/pl\\\/#\\\/schema\\\/logo\\\/image\\\/\",\"url\":\"https:\\\/\\\/www.pakery.pl\\\/wp-content\\\/uploads\\\/2021\\\/04\\\/cropped-PAKERY-LOGO.png\",\"contentUrl\":\"https:\\\/\\\/www.pakery.pl\\\/wp-content\\\/uploads\\\/2021\\\/04\\\/cropped-PAKERY-LOGO.png\",\"width\":1529,\"height\":500,\"caption\":\"PAKERY.PL\"},\"image\":{\"@id\":\"https:\\\/\\\/www.pakery.pl\\\/pl\\\/#\\\/schema\\\/logo\\\/image\\\/\"}}]}<\/script>\n<!-- \/ Yoast SEO plugin. -->","yoast_head_json":{"title":"Kr\u00f3ciec do fugowania Pump Integrale - d\u0142ugo\u015b\u0107 35mm - PAKERY.PL","description":"Kr\u00f3ciec do fugowania Pump Integrale | Fugownice | GEKA","robots":{"index":"index","follow":"follow","max-snippet":"max-snippet:-1","max-image-preview":"max-image-preview:large","max-video-preview":"max-video-preview:-1"},"canonical":"https:\/\/www.pakery.pl\/pl\/produkt\/krociec-do-fugowania-pump-integral\/","og_locale":"pl_PL","og_type":"article","og_title":"Kr\u00f3ciec do fugowania Pump Integrale - d\u0142ugo\u015b\u0107 35mm - PAKERY.PL","og_description":"Kr\u00f3ciec do fugowania Pump Integrale | Fugownice | GEKA","og_url":"https:\/\/www.pakery.pl\/pl\/produkt\/krociec-do-fugowania-pump-integral\/","og_site_name":"PAKERY.PL","article_modified_time":"2022-07-01T10:45:13+00:00","og_image":[{"width":2500,"height":2500,"url":"https:\/\/www.pakery.pl\/wp-content\/uploads\/2021\/11\/niebieski-dlugi.png","type":"image\/png"}],"twitter_card":"summary_large_image","schema":{"@context":"https:\/\/schema.org","@graph":[{"@type":"WebPage","@id":"https:\/\/www.pakery.pl\/pl\/produkt\/krociec-do-fugowania-pump-integral\/","url":"https:\/\/www.pakery.pl\/pl\/produkt\/krociec-do-fugowania-pump-integral\/","name":"Kr\u00f3ciec do fugowania Pump Integrale - d\u0142ugo\u015b\u0107 35mm - PAKERY.PL","isPartOf":{"@id":"https:\/\/www.pakery.pl\/pl\/#website"},"primaryImageOfPage":{"@id":"https:\/\/www.pakery.pl\/pl\/produkt\/krociec-do-fugowania-pump-integral\/#primaryimage"},"image":{"@id":"https:\/\/www.pakery.pl\/pl\/produkt\/krociec-do-fugowania-pump-integral\/#primaryimage"},"thumbnailUrl":"https:\/\/www.pakery.pl\/wp-content\/uploads\/2021\/11\/niebieski-dlugi.png","datePublished":"2022-06-30T11:29:28+00:00","dateModified":"2022-07-01T10:45:13+00:00","description":"Kr\u00f3ciec do fugowania Pump Integrale | Fugownice | GEKA","breadcrumb":{"@id":"https:\/\/www.pakery.pl\/pl\/produkt\/krociec-do-fugowania-pump-integral\/#breadcrumb"},"inLanguage":"pl-PL","potentialAction":[{"@type":"ReadAction","target":["https:\/\/www.pakery.pl\/pl\/produkt\/krociec-do-fugowania-pump-integral\/"]}]},{"@type":"ImageObject","inLanguage":"pl-PL","@id":"https:\/\/www.pakery.pl\/pl\/produkt\/krociec-do-fugowania-pump-integral\/#primaryimage","url":"https:\/\/www.pakery.pl\/wp-content\/uploads\/2021\/11\/niebieski-dlugi.png","contentUrl":"https:\/\/www.pakery.pl\/wp-content\/uploads\/2021\/11\/niebieski-dlugi.png","width":2500,"height":2500},{"@type":"BreadcrumbList","@id":"https:\/\/www.pakery.pl\/pl\/produkt\/krociec-do-fugowania-pump-integral\/#breadcrumb","itemListElement":[{"@type":"ListItem","position":1,"name":"Strona g\u0142\u00f3wna","item":"https:\/\/www.pakery.pl\/pl\/"},{"@type":"ListItem","position":2,"name":"Sklep","item":"https:\/\/www.pakery.pl\/pl\/sklep\/"},{"@type":"ListItem","position":3,"name":"Kr\u00f3ciec do fugowania Pump Integrale &#8211; d\u0142ugo\u015b\u0107 35mm"}]},{"@type":"WebSite","@id":"https:\/\/www.pakery.pl\/pl\/#website","url":"https:\/\/www.pakery.pl\/pl\/","name":"Pakery.pl","description":"Pakery iniekcyjne, Kotwy spiralne, Lance iniekcyjne, W\u0119\u017ce do iniekcji, Pompy iniekcyjne, Serwis pomp iniekcyjnych, Wynajem pomp do iniekcji","publisher":{"@id":"https:\/\/www.pakery.pl\/pl\/#organization"},"potentialAction":[{"@type":"SearchAction","target":{"@type":"EntryPoint","urlTemplate":"https:\/\/www.pakery.pl\/pl\/?s={search_term_string}"},"query-input":{"@type":"PropertyValueSpecification","valueRequired":true,"valueName":"search_term_string"}}],"inLanguage":"pl-PL"},{"@type":"Organization","@id":"https:\/\/www.pakery.pl\/pl\/#organization","name":"PAKERY.PL","url":"https:\/\/www.pakery.pl\/pl\/","logo":{"@type":"ImageObject","inLanguage":"pl-PL","@id":"https:\/\/www.pakery.pl\/pl\/#\/schema\/logo\/image\/","url":"https:\/\/www.pakery.pl\/wp-content\/uploads\/2021\/04\/cropped-PAKERY-LOGO.png","contentUrl":"https:\/\/www.pakery.pl\/wp-content\/uploads\/2021\/04\/cropped-PAKERY-LOGO.png","width":1529,"height":500,"caption":"PAKERY.PL"},"image":{"@id":"https:\/\/www.pakery.pl\/pl\/#\/schema\/logo\/image\/"}}]}},"_links":{"self":[{"href":"https:\/\/www.pakery.pl\/pl\/wp-json\/wp\/v2\/product\/41580","targetHints":{"allow":["GET"]}}],"collection":[{"href":"https:\/\/www.pakery.pl\/pl\/wp-json\/wp\/v2\/product"}],"about":[{"href":"https:\/\/www.pakery.pl\/pl\/wp-json\/wp\/v2\/types\/product"}],"version-history":[{"count":5,"href":"https:\/\/www.pakery.pl\/pl\/wp-json\/wp\/v2\/product\/41580\/revisions"}],"predecessor-version":[{"id":41670,"href":"https:\/\/www.pakery.pl\/pl\/wp-json\/wp\/v2\/product\/41580\/revisions\/41670"}],"wp:featuredmedia":[{"embeddable":true,"href":"https:\/\/www.pakery.pl\/pl\/wp-json\/wp\/v2\/media\/39126"}],"wp:attachment":[{"href":"https:\/\/www.pakery.pl\/pl\/wp-json\/wp\/v2\/media?parent=41580"}],"wp:term":[{"taxonomy":"product_brand","embeddable":true,"href":"https:\/\/www.pakery.pl\/pl\/wp-json\/wp\/v2\/product_brand?post=41580"},{"taxonomy":"product_cat","embeddable":true,"href":"https:\/\/www.pakery.pl\/pl\/wp-json\/wp\/v2\/product_cat?post=41580"},{"taxonomy":"product_tag","embeddable":true,"href":"https:\/\/www.pakery.pl\/pl\/wp-json\/wp\/v2\/product_tag?post=41580"}],"curies":[{"name":"wp","href":"https:\/\/api.w.org\/{rel}","templated":true}]}}